{"id":19409,"date":"2026-01-09T09:01:28","date_gmt":"2026-01-09T09:01:28","guid":{"rendered":"https:\/\/data.graz.gv.at\/graz\/gemeinderats_anfragen_antraege_2013-graz-2\/"},"modified":"2026-01-09T09:01:28","modified_gmt":"2026-01-09T09:01:28","slug":"gemeinderats_anfragen_antraege_2013-graz-2","status":"publish","type":"page","link":"https:\/\/data.graz.gv.at\/graz\/gemeinderats_anfragen_antraege_2013-graz-2\/","title":{"rendered":"Gemeinderats_Anfragen_Antraege_2013  Graz"},"content":{"rendered":"<div class=\"et_pb_section et_pb_section_0 et_section_regular general_style\">\n<div class=\"et_pb_row et_pb_row_0 pt-0 fullWidthMax\">\n<div class=\"et_pb_column et_pb_column_4_4 et_pb_column_0  et_pb_css_mix_blend_mode_passthrough et-last-child\">\n<div class=\"et_pb_with_border et_pb_module et_pb_text et_pb_text_0  et_pb_text_align_left et_pb_bg_layout_light\">\n<div class=\"et_pb_text_inner\">\n<div id=\"breadcrumb\"><\/div>\n<\/div>\n<\/div>\n<\/div>\n<\/div>\n<div class=\"et_pb_row et_pb_row_1 fullWidthMax\">\n<div class=\"et_pb_column et_pb_column_4_4 et_pb_column_1  et_pb_css_mix_blend_mode_passthrough et-last-child\">\n<div class=\"et_pb_with_border et_pb_module et_pb_text et_pb_text_1  et_pb_text_align_left et_pb_bg_layout_light headerStyle\">\n<div class=\"et_pb_text_inner\">\n<h2 style=\"text-align: center\">Datensatz<\/h2>\n<\/div>\n<\/div>\n<\/div>\n<\/div>\n<div id=\"rowReverse\" class=\"et_pb_row et_pb_row_2 fullWidthMax\">\n<div class=\"et_pb_column et_pb_column_1_2 et_pb_column_2  et_pb_css_mix_blend_mode_passthrough\">\n<div class=\"et_pb_with_border et_pb_module et_pb_text et_pb_text_2  et_pb_text_align_left et_pb_bg_layout_light\">\n<div class=\"et_pb_text_inner\">\n<h2 class=\"fw-bold\">Gemeinderats_Anfragen_Antraege_2013  Graz<\/h2>\n<p class=\"fs-6 fw-medium pb-5\">Gemeinderats-Anfragen und -Antr\u00e4ge im Jahr 2013<\/p>\n<p><h3 class=\"fs-6 fw-bold\">Ver\u00f6ffentlichende Stelle<\/h3>\n<p class=\"fs-6 fw-normal\"><a href=\"mailto:ogd@stadt.graz.at\" target=\"_blank\" title=\"Erzeuger (neues Fenster)\">Stadt Graz (ogd@stadt.graz.at)<\/a><\/p>\n<h3 class=\"fs-6 fw-bold\">Kontaktm\u00f6glichkeiten<\/h3>\n<p class=\"fs-6 fw-normal\"><a href=\"mailto:statistik@stadt.graz.at\" target=\"_blank\" title=\"Betreuer (neues Fenster)\">http:\/\/www.graz.at\/praesidialabteilung (statistik@stadt.graz.at)<\/a><\/p>\n<h3 class=\"fs-6 fw-bold\">Lizenz<\/h3>\n<p class=\"fs-6 fw-normal\"><a href=\"https:\/\/creativecommons.org\/licenses\/by\/4.0\/\" target=\"_blank\" title=\"Creative Commons BY 4.0 (neues Fenster)\">Creative Commons BY 4.0<\/a><\/p>\n<h3 class=\"fs-6 fw-bold\">Kontaktseite der datenverantwortlichen Stelle<\/h3>\n<p class=\"fs-6 fw-normal\"><a href=\"http:\/\/www.graz.at\/praesidialabteilung\" target=\"_blank\" title=\"maintainer_link (neues Fenster)\">http:\/\/www.graz.at\/praesidialabteilung<\/a><\/p>\n<h3 class=\"fs-6 fw-bold\">Bezeichnung der Metadatenstruktur<\/h3>\n<p class=\"fs-6 fw-normal\">OGD Austria Metadata 2.1<\/p>\n<h3 class=\"fs-6 fw-bold\">Character Set Code des Metadatensatzes<\/h3>\n<p class=\"fs-6 fw-normal\">utf8<\/p>\n<h3 class=\"fs-6 fw-bold\">Zeitliche Ausdehnung (Anfang)<\/h3>\n<p class=\"fs-6 fw-normal\">2014-01-01<\/p>\n<h3 class=\"fs-6 fw-bold\">JSON<\/h3>\n<p class=\"fs-6 fw-normal\"><a href=\"https:\/\/www.data.gv.at\/katalog\/api\/action\/package_show?id=74744d4b-7ffd-4264-bcb7-907a8b81b486\" target=\"_blank\" title=\"Metadatensatz als JSON herunterladen (neues Fenster)\">https:\/\/www.data.gv.at\/katalog\/api\/action\/package_show?id=74744d4b-7ffd-4264-bcb7-907a8b81b486<\/a><\/p>\n<h2 id=\"downloads\" class=\"fw-bold pt-5\">Downloads<\/h2>\n<ul class=\"noBulletPoint ps-0\">\n<li class=\"pt-2\"><a class=\"fs-6 fw-normal pt-1 colorBlack\" href=\"\/\/data.graz.gv.at\/graz\/wp-content\/uploads\/2024\/06\/131114_dringliche.pdf\" title=\"PDF-Datei herunterladen\" target=\"_blank\"><span class=\"et_pb_icon_wrap \"><i class=\"fas fa-download colorBlack pe-2\"><\/i><\/span>dringliche Antr\u00e4ge an den Gemeinderat vom 14.November 2013 (PDF)<\/a><\/li>\n<li class=\"pt-2\"><a class=\"fs-6 fw-normal pt-1 colorBlack\" href=\"\/\/data.graz.gv.at\/graz\/wp-content\/uploads\/2024\/06\/130321_antraege.pdf\" title=\"PDF-Datei herunterladen\" target=\"_blank\"><span class=\"et_pb_icon_wrap \"><i class=\"fas fa-download colorBlack pe-2\"><\/i><\/span>Antr\u00e4ge an den Gemeinderat vom 21.M\u00e4rz 2013 (PDF)<\/a><\/li>\n<li class=\"pt-2\"><a class=\"fs-6 fw-normal pt-1 colorBlack\" href=\"\/\/data.graz.gv.at\/graz\/wp-content\/uploads\/2024\/06\/130425_dringliche.pdf\" title=\"PDF-Datei herunterladen\" target=\"_blank\"><span class=\"et_pb_icon_wrap \"><i class=\"fas fa-download colorBlack pe-2\"><\/i><\/span>dringliche Antr\u00e4ge an den Gemeinderat vom 25.April 2013 (PDF)<\/a><\/li>\n<li class=\"pt-2\"><a class=\"fs-6 fw-normal pt-1 colorBlack\" href=\"\/\/data.graz.gv.at\/graz\/wp-content\/uploads\/2024\/06\/130704_dringliche.pdf\" title=\"PDF-Datei herunterladen\" target=\"_blank\"><span class=\"et_pb_icon_wrap \"><i class=\"fas fa-download colorBlack pe-2\"><\/i><\/span>dringliche Antr\u00e4ge an den Gemeinderat vom 4.Juli 2013 (PDF)<\/a><\/li>\n<li class=\"pt-2\"><a class=\"fs-6 fw-normal pt-1 colorBlack\" href=\"\/\/data.graz.gv.at\/graz\/wp-content\/uploads\/2024\/06\/131017_dringliche.pdf\" title=\"PDF-Datei herunterladen\" target=\"_blank\"><span class=\"et_pb_icon_wrap \"><i class=\"fas fa-download colorBlack pe-2\"><\/i><\/span>dringliche Antr\u00e4ge an den Gemeinderat vom 17.Oktober 2013 (PDF)<\/a><\/li>\n<li class=\"pt-2\"><a class=\"fs-6 fw-normal pt-1 colorBlack\" href=\"\/\/data.graz.gv.at\/graz\/wp-content\/uploads\/2024\/06\/131017_antraege.pdf\" title=\"PDF-Datei herunterladen\" target=\"_blank\"><span class=\"et_pb_icon_wrap \"><i class=\"fas fa-download colorBlack pe-2\"><\/i><\/span>Antr\u00e4ge an den Gemeinderat vom 17.Oktober 2013 (PDF)<\/a><\/li>\n<li class=\"pt-2\"><a class=\"fs-6 fw-normal pt-1 colorBlack\" href=\"\/\/data.graz.gv.at\/graz\/wp-content\/uploads\/2024\/06\/131017_anfragen.pdf\" title=\"PDF-Datei herunterladen\" target=\"_blank\"><span class=\"et_pb_icon_wrap \"><i class=\"fas fa-download colorBlack pe-2\"><\/i><\/span>Anfragen an den Gemeinderat vom 17.Oktober 2013 (PDF)<\/a><\/li>\n<li class=\"pt-2\"><a class=\"fs-6 fw-normal pt-1 colorBlack\" href=\"\/\/data.graz.gv.at\/graz\/wp-content\/uploads\/2024\/06\/131114_antraege.pdf\" title=\"PDF-Datei herunterladen\" target=\"_blank\"><span class=\"et_pb_icon_wrap \"><i class=\"fas fa-download colorBlack pe-2\"><\/i><\/span>Antr\u00e4ge an den Gemeinderat vom 14.November 2013 (PDF)<\/a><\/li>\n<li class=\"pt-2\"><a class=\"fs-6 fw-normal pt-1 colorBlack\" href=\"\/\/data.graz.gv.at\/graz\/wp-content\/uploads\/2024\/06\/130704_anfragen.pdf\" title=\"PDF-Datei herunterladen\" target=\"_blank\"><span class=\"et_pb_icon_wrap \"><i class=\"fas fa-download colorBlack pe-2\"><\/i><\/span>Anfragen an den Gemeinderat vom 4.Juli 2013 (PDF)<\/a><\/li>\n<li class=\"pt-2\"><a class=\"fs-6 fw-normal pt-1 colorBlack\" href=\"\/\/data.graz.gv.at\/graz\/wp-content\/uploads\/2024\/06\/130613_antraege.pdf\" title=\"PDF-Datei herunterladen\" target=\"_blank\"><span class=\"et_pb_icon_wrap \"><i class=\"fas fa-download colorBlack pe-2\"><\/i><\/span>Antr\u00e4ge an den Gemeinderat vom 13.Juni 2013 (PDF)<\/a><\/li>\n<li class=\"pt-2\"><a class=\"fs-6 fw-normal pt-1 colorBlack\" href=\"\/\/data.graz.gv.at\/graz\/wp-content\/uploads\/2024\/06\/130704_antraege.pdf\" title=\"PDF-Datei herunterladen\" target=\"_blank\"><span class=\"et_pb_icon_wrap \"><i class=\"fas fa-download colorBlack pe-2\"><\/i><\/span>Antr\u00e4ge an den Gemeinderat vom 4.Juli 2013 (PDF)<\/a><\/li>\n<li class=\"pt-2\"><a class=\"fs-6 fw-normal pt-1 colorBlack\" href=\"\/\/data.graz.gv.at\/graz\/wp-content\/uploads\/2024\/06\/130321_anfragen.pdf\" title=\"PDF-Datei herunterladen\" target=\"_blank\"><span class=\"et_pb_icon_wrap \"><i class=\"fas fa-download colorBlack pe-2\"><\/i><\/span>Anfragen an den Gemeinderat vom 21.M\u00e4rz 2013 (PDF)<\/a><\/li>\n<li class=\"pt-2\"><a class=\"fs-6 fw-normal pt-1 colorBlack\" href=\"\/\/data.graz.gv.at\/graz\/wp-content\/uploads\/2024\/06\/130919_antraege.pdf\" title=\"PDF-Datei herunterladen\" target=\"_blank\"><span class=\"et_pb_icon_wrap \"><i class=\"fas fa-download colorBlack pe-2\"><\/i><\/span>Antr\u00e4ge an den Gemeinderat vom 19.September 2013 (PDF)<\/a><\/li>\n<li class=\"pt-2\"><a class=\"fs-6 fw-normal pt-1 colorBlack\" href=\"\/\/data.graz.gv.at\/graz\/wp-content\/uploads\/2024\/06\/130228_anfragen.pdf\" title=\"PDF-Datei herunterladen\" target=\"_blank\"><span class=\"et_pb_icon_wrap \"><i class=\"fas fa-download colorBlack pe-2\"><\/i><\/span>Anfragen an den Gemeinderat vom 28.Februar 2013 (PDF)<\/a><\/li>\n<li class=\"pt-2\"><a class=\"fs-6 fw-normal pt-1 colorBlack\" href=\"\/\/data.graz.gv.at\/graz\/wp-content\/uploads\/2024\/06\/130425_antraege.pdf\" title=\"PDF-Datei herunterladen\" target=\"_blank\"><span class=\"et_pb_icon_wrap \"><i class=\"fas fa-download colorBlack pe-2\"><\/i><\/span>Antr\u00e4ge an den Gemeinderat vom 25.April 2013 (PDF)<\/a><\/li>\n<li class=\"pt-2\"><a class=\"fs-6 fw-normal pt-1 colorBlack\" href=\"\/\/data.graz.gv.at\/graz\/wp-content\/uploads\/2024\/06\/130919_dringliche.pdf\" title=\"PDF-Datei herunterladen\" target=\"_blank\"><span class=\"et_pb_icon_wrap \"><i class=\"fas fa-download colorBlack pe-2\"><\/i><\/span>dringliche Antr\u00e4ge an den Gemeinderat vom 13.September 2013 (PDF)<\/a><\/li>\n<li class=\"pt-2\"><a class=\"fs-6 fw-normal pt-1 colorBlack\" href=\"\/\/data.graz.gv.at\/graz\/wp-content\/uploads\/2024\/06\/130919_anfragen.pdf\" title=\"PDF-Datei herunterladen\" target=\"_blank\"><span class=\"et_pb_icon_wrap \"><i class=\"fas fa-download colorBlack pe-2\"><\/i><\/span>Anfragen an den Gemeinderat vom 19.September 2013 (PDF)<\/a><\/li>\n<li class=\"pt-2\"><a class=\"fs-6 fw-normal pt-1 colorBlack\" href=\"\/\/data.graz.gv.at\/graz\/wp-content\/uploads\/2024\/06\/130425_anfragen.pdf\" title=\"PDF-Datei herunterladen\" target=\"_blank\"><span class=\"et_pb_icon_wrap \"><i class=\"fas fa-download colorBlack pe-2\"><\/i><\/span>Anfragen an den Gemeinderat vom 25.April 2013 (PDF)<\/a><\/li>\n<li class=\"pt-2\"><a class=\"fs-6 fw-normal pt-1 colorBlack\" href=\"\/\/data.graz.gv.at\/graz\/wp-content\/uploads\/2024\/06\/131212_antraege.pdf\" title=\"PDF-Datei herunterladen\" target=\"_blank\"><span class=\"et_pb_icon_wrap \"><i class=\"fas fa-download colorBlack pe-2\"><\/i><\/span>Antr\u00e4ge an den Gemeinderat vom 12.Dezember 2013 (PDF)<\/a><\/li>\n<li class=\"pt-2\"><a class=\"fs-6 fw-normal pt-1 colorBlack\" href=\"\/\/data.graz.gv.at\/graz\/wp-content\/uploads\/2024\/06\/130613_anfragen.pdf\" title=\"PDF-Datei herunterladen\" target=\"_blank\"><span class=\"et_pb_icon_wrap \"><i class=\"fas fa-download colorBlack pe-2\"><\/i><\/span>Anfragen an den Gemeinderat vom 13.Juni 2013 (PDF)<\/a><\/li>\n<li class=\"pt-2\"><a class=\"fs-6 fw-normal pt-1 colorBlack\" href=\"\/\/data.graz.gv.at\/graz\/wp-content\/uploads\/2024\/06\/130228_dringliche.pdf\" title=\"PDF-Datei herunterladen\" target=\"_blank\"><span class=\"et_pb_icon_wrap \"><i class=\"fas fa-download colorBlack pe-2\"><\/i><\/span>dringliche Antr\u00e4ge an den Gemeinderat vom 28.Februar 2013 (PDF)<\/a><\/li>\n<li class=\"pt-2\"><a class=\"fs-6 fw-normal pt-1 colorBlack\" href=\"\/\/data.graz.gv.at\/graz\/wp-content\/uploads\/2024\/06\/130321_dringliche.pdf\" title=\"PDF-Datei herunterladen\" target=\"_blank\"><span class=\"et_pb_icon_wrap \"><i class=\"fas fa-download colorBlack pe-2\"><\/i><\/span>dringliche Antr\u00e4ge an den Gemeinderat vom 21.M\u00e4rz 2013 (PDF)<\/a><\/li>\n<li class=\"pt-2\"><a class=\"fs-6 fw-normal pt-1 colorBlack\" href=\"\/\/data.graz.gv.at\/graz\/wp-content\/uploads\/2024\/06\/131212_dringliche.pdf\" title=\"PDF-Datei herunterladen\" target=\"_blank\"><span class=\"et_pb_icon_wrap \"><i class=\"fas fa-download colorBlack pe-2\"><\/i><\/span>dringliche Antr\u00e4ge an den Gemeinderat vom 12.Dezember 2013 (PDF)<\/a><\/li>\n<li class=\"pt-2\"><a class=\"fs-6 fw-normal pt-1 colorBlack\" href=\"\/\/data.graz.gv.at\/graz\/wp-content\/uploads\/2024\/06\/130613_dringliche.pdf\" title=\"PDF-Datei herunterladen\" target=\"_blank\"><span class=\"et_pb_icon_wrap \"><i class=\"fas fa-download colorBlack pe-2\"><\/i><\/span>dringliche Antr\u00e4ge an den Gemeinderat vom 13.Juni 2013 (PDF)<\/a><\/li>\n<li class=\"pt-2\"><a class=\"fs-6 fw-normal pt-1 colorBlack\" href=\"\/\/data.graz.gv.at\/graz\/wp-content\/uploads\/2024\/06\/131212_anfragen.pdf\" title=\"PDF-Datei herunterladen\" target=\"_blank\"><span class=\"et_pb_icon_wrap \"><i class=\"fas fa-download colorBlack pe-2\"><\/i><\/span>Anfragen an den Gemeinderat vom 12.Dezember 2013 (PDF)<\/a><\/li>\n<li class=\"pt-2\"><a class=\"fs-6 fw-normal pt-1 colorBlack\" href=\"\/\/data.graz.gv.at\/graz\/wp-content\/uploads\/2024\/06\/130228_antraege.pdf\" title=\"PDF-Datei herunterladen\" target=\"_blank\"><span class=\"et_pb_icon_wrap \"><i class=\"fas fa-download colorBlack pe-2\"><\/i><\/span>Antr\u00e4ge an den Gemeinderat vom 28.Februar 2013 (PDF)<\/a><\/li>\n<li class=\"pt-2\"><a class=\"fs-6 fw-normal pt-1 colorBlack\" href=\"\/\/data.graz.gv.at\/graz\/wp-content\/uploads\/2024\/06\/131114_anfragen.pdf\" title=\"PDF-Datei herunterladen\" target=\"_blank\"><span class=\"et_pb_icon_wrap \"><i class=\"fas fa-download colorBlack pe-2\"><\/i><\/span>Anfragen an den Gemeinderat vom 14.November 2013 (PDF)<\/a><\/li>\n<\/ul>\n<\/div>\n<\/div>\n<\/div>\n<div id=\"columnReverse\" class=\"et_pb_column et_pb_column_1_2 et_pb_column_3  et_pb_css_mix_blend_mode_passthrough\">\n<div class=\"et_pb_module et_pb_text et_pb_text_3  et_pb_text_align_left et_pb_bg_layout_light p-4 w-50 border\">\n<div class=\"et_pb_text_inner\">\n<h3 class=\"fs-6 fw-bold\">Ver\u00f6ffentlicht am<\/h3>\n<p class=\"fs-6 fw-normal\">01.12.2017 14:38Uhr<\/p>\n<h3 class=\"fs-6 fw-bold\">Aktualisiert am<\/h3>\n<p class=\"fs-6 fw-normal\">27.06.2024 13:33Uhr<\/p>\n<h3 class=\"fs-6 fw-bold\">Kategorie<\/h3>\n<p class=\"fs-6 fw-normal\">Regierung und \u00f6ffentlicher Sektor<\/p>\n<h3 class=\"fs-6 fw-bold\">Schlagworte<\/h3>\n<p class=\"fs-6 fw-normal\">Gemeinderat, GR-Anfrage, Anfrage, GR-Antrag, Antrag<\/p>\n<\/div>\n<\/div>\n<\/div>\n<\/div>\n<\/div>\n","protected":false},"excerpt":{"rendered":"<p>Datensatz Gemeinderats_Anfragen_Antraege_2013 Graz Gemeinderats-Anfragen und -Antr\u00e4ge im Jahr 2013 Ver\u00f6ffentlichende StelleStadt Graz (ogd@stadt.graz.at)Kontaktm\u00f6glichkeitenhttp:\/\/www.graz.at\/praesidialabteilung (statistik@stadt.graz.at)LizenzCreative Commons BY 4.0Kontaktseite der datenverantwortlichen Stellehttp:\/\/www.graz.at\/praesidialabteilungBezeichnung der MetadatenstrukturOGD Austria Metadata 2.1Character Set Code des Metadatensatzesutf8Zeitliche Ausdehnung (Anfang)2014-01-01JSONhttps:\/\/www.data.gv.at\/katalog\/api\/action\/package_show?id=74744d4b-7ffd-4264-bcb7-907a8b81b486 Downloads dringliche Antr\u00e4ge an den Gemeinderat vom 14.November 2013 (PDF) Antr\u00e4ge an den Gemeinderat vom 21.M\u00e4rz 2013 (PDF) dringliche Antr\u00e4ge an den Gemeinderat vom [&hellip;]<\/p>\n","protected":false},"author":1,"featured_media":0,"parent":0,"menu_order":0,"comment_status":"closed","ping_status":"closed","template":"","meta":{"_et_pb_use_builder":"on","_et_pb_old_content":"","_et_gb_content_width":"","footnotes":""},"class_list":["post-19409","page","type-page","status-publish","hentry"],"_links":{"self":[{"href":"https:\/\/data.graz.gv.at\/graz\/wp-json\/wp\/v2\/pages\/19409","targetHints":{"allow":["GET"]}}],"collection":[{"href":"https:\/\/data.graz.gv.at\/graz\/wp-json\/wp\/v2\/pages"}],"about":[{"href":"https:\/\/data.graz.gv.at\/graz\/wp-json\/wp\/v2\/types\/page"}],"author":[{"embeddable":true,"href":"https:\/\/data.graz.gv.at\/graz\/wp-json\/wp\/v2\/users\/1"}],"replies":[{"embeddable":true,"href":"https:\/\/data.graz.gv.at\/graz\/wp-json\/wp\/v2\/comments?post=19409"}],"version-history":[{"count":0,"href":"https:\/\/data.graz.gv.at\/graz\/wp-json\/wp\/v2\/pages\/19409\/revisions"}],"wp:attachment":[{"href":"https:\/\/data.graz.gv.at\/graz\/wp-json\/wp\/v2\/media?parent=19409"}],"curies":[{"name":"wp","href":"https:\/\/api.w.org\/{rel}","templated":true}]}}