{"id":19343,"date":"2026-01-07T15:36:20","date_gmt":"2026-01-07T15:36:20","guid":{"rendered":"https:\/\/data.graz.gv.at\/graz\/alle-daten\/"},"modified":"2026-04-29T09:06:14","modified_gmt":"2026-04-29T09:06:14","slug":"alle-daten","status":"publish","type":"page","link":"https:\/\/data.graz.gv.at\/graz\/alle-daten\/","title":{"rendered":"Alle Daten"},"content":{"rendered":"<div class=\"et_pb_section et_pb_section_0 et_section_regular categoryPage\">\n<div class=\"et_pb_row et_pb_row_0 pt-0 fullWidthMax\">\n<div class=\"et_pb_column et_pb_column_4_4 et_pb_column_0  et_pb_css_mix_blend_mode_passthrough et-last-child\">\n<div class=\"et_pb_with_border et_pb_module et_pb_text et_pb_text_0  et_pb_text_align_left et_pb_bg_layout_light\">\n<div class=\"et_pb_text_inner\">\n<div id=\"breadcrumb\"><\/div>\n<\/div>\n<\/div>\n<\/div>\n<\/div>\n<div class=\"et_pb_row et_pb_row_1 fullWidthMax\">\n<div class=\"et_pb_column et_pb_column_4_4 et_pb_column_1  et_pb_css_mix_blend_mode_passthrough et-last-child\">\n<div class=\"et_pb_with_border et_pb_module et_pb_text et_pb_text_1  et_pb_text_align_left et_pb_bg_layout_light headerStyle\">\n<div class=\"et_pb_text_inner\">\n<h2 style=\"text-align: center\">Alle Daten<\/h2>\n<\/div>\n<\/div>\n<\/div>\n<\/div>\n<div class=\"et_pb_row et_pb_row_2 fullWidthMax\">\n<div class=\"et_pb_with_border et_pb_column_4_4 et_pb_column et_pb_column_2  et_pb_css_mix_blend_mode_passthrough et-last-child\">\n<div class=\"et_pb_module et_pb_text et_pb_text_2  et_pb_text_align_left et_pb_bg_layout_light\">\n<div class=\"et_pb_text_inner\">\n<\/div>\n<\/div>\n<\/div>\n<\/div>\n<div id=\"datasetList\">\n<div class=\"et_pb_row et_pb_row_3 fullWidthMax\">\n<div data-card-link=\"https:\/\/data.graz.gv.at\/graz\/basiskarte-graz\/\" class=\"et_pb_column et_pb_column_4_4 et_pb_column_3 et_pb_clickable et_pb_css_mix_blend_mode_passthrough et-last-child clickableCard hoverEffect\">\n<div class=\"et_pb_module et_pb_text et_pb_text_3 et_pb_bg_layout_light p-4 border\">\n<p class=\"fs-6 fw-bold colorBlue inline\">Datensatz<\/p>\n<p class=\"fs-6 fw-bold colorBlack inline float-end\">Ver\u00f6ffentlicht am 07.09.2014<\/p>\n<h2 class=\"fw-bold\">Basiskarte  Graz<\/h2>\n<p class=\"fs-6 fw-medium colorBlack\">Ausgew\u00e4hlte Objekte von Graz (Bauwerke, Verkehr, Gew\u00e4sser, Vegetation, Stra\u00dfennamen, Hausnummern, Schichtlinien,&#8230;<\/p>\n<p class=\"fw-normal colorBlack\">1 Downloads<\/p>\n<ul class=\"noBulletPoint ps-0\">\n<li class=\"pt-2\"><a class=\"fs-6 fw-normal pt-1 colorBlack\" href=\"\/\/geodaten.graz.at\/arcgis\/rest\/services\/OGD\/Hintergrundkarte_Hintergrundkarte_OGD\/MapServer\" title=\"WMS-Datei herunterladen\" target=\"_blank\"><span class=\"et_pb_icon_wrap \"><i class=\"fas fa-download colorBlack pe-2\"><\/i><\/span>Basiskarte (WMS)<\/a><\/li>\n<\/ul>\n<\/div>\n<\/div>\n<\/div>\n<div class=\"et_pb_row et_pb_row_4 fullWidthMax\">\n<div data-card-link=\"https:\/\/data.graz.gv.at\/graz\/gemeinderatsprotokolle-2010-graz\/\" class=\"et_pb_column et_pb_column_4_4 et_pb_column_4 et_pb_clickable et_pb_css_mix_blend_mode_passthrough et-last-child clickableCard hoverEffect\">\n<div class=\"et_pb_module et_pb_text et_pb_text_4 et_pb_bg_layout_light p-4 border\">\n<p class=\"fs-6 fw-bold colorBlue inline\">Datensatz<\/p>\n<p class=\"fs-6 fw-bold colorBlack inline float-end\">Ver\u00f6ffentlicht am 07.09.2014<\/p>\n<h2 class=\"fw-bold\">Gemeinderatsprotokolle 2010 Graz<\/h2>\n<p class=\"fs-6 fw-medium colorBlack\">die Protokolle der Grazer Gemeinderatssitzungen des Jahres 2010<\/p>\n<p class=\"fw-normal colorBlack\">10 Downloads<\/p>\n<ul class=\"noBulletPoint ps-0\">\n<li class=\"pt-2\"><a class=\"fs-6 fw-normal pt-1 colorBlack\" href=\"\/\/data.graz.gv.at\/graz\/wp-content\/uploads\/2024\/06\/2010_01_21.txt\" title=\"TXT-Datei herunterladen\" target=\"_blank\"><span class=\"et_pb_icon_wrap \"><i class=\"fas fa-download colorBlack pe-2\"><\/i><\/span>das Protokoll der Gemeinderatssitzung vom 21.01.2010 als .txt-Datei<br \/>\n (TXT)<\/a><\/li>\n<li class=\"pt-2\"><a class=\"fs-6 fw-normal pt-1 colorBlack\" href=\"\/\/data.graz.gv.at\/graz\/wp-content\/uploads\/2024\/06\/2010_10_21.txt\" title=\"TXT-Datei herunterladen\" target=\"_blank\"><span class=\"et_pb_icon_wrap \"><i class=\"fas fa-download colorBlack pe-2\"><\/i><\/span>das Protokoll der Gemeinderatssitzung vom 21.10.2010 als .txt-Datei (TXT)<\/a><\/li>\n<li class=\"pt-2\"><a class=\"fs-6 fw-normal pt-1 colorBlack\" href=\"\/\/data.graz.gv.at\/graz\/wp-content\/uploads\/2024\/06\/2010_11_18.txt\" title=\"TXT-Datei herunterladen\" target=\"_blank\"><span class=\"et_pb_icon_wrap \"><i class=\"fas fa-download colorBlack pe-2\"><\/i><\/span>das Protokoll der Gemeinderatssitzung vom 18.11.2010 als .txt-Datei (TXT)<\/a><\/li>\n<li class=\"pt-2\"><a class=\"fs-6 fw-normal pt-1 colorBlack\" href=\"\/\/data.graz.gv.at\/graz\/wp-content\/uploads\/2024\/06\/2010_09_23.txt\" title=\"TXT-Datei herunterladen\" target=\"_blank\"><span class=\"et_pb_icon_wrap \"><i class=\"fas fa-download colorBlack pe-2\"><\/i><\/span>das Protokoll der Gemeinderatssitzung vom 23.09.2010 als .txt-Datei (TXT)<\/a><\/li>\n<li class=\"pt-2\"><a class=\"fs-6 fw-normal pt-1 colorBlack\" href=\"\/\/data.graz.gv.at\/graz\/wp-content\/uploads\/2024\/06\/2010_04_22.txt\" title=\"TXT-Datei herunterladen\" target=\"_blank\"><span class=\"et_pb_icon_wrap \"><i class=\"fas fa-download colorBlack pe-2\"><\/i><\/span>das Protokoll der Gemeinderatssitzung vom 22.04.2010 als .txt-Datei (TXT)<\/a><\/li>\n<\/ul>\n<p><a class=\"fw-normal ps-2\" href=\"https:\/\/data.graz.gv.at\/graz\/gemeinderatsprotokolle-2010-graz\/#downloads\">Mehr Downloads<\/a>\n<\/div>\n<\/div>\n<\/div>\n<div class=\"et_pb_row et_pb_row_5 fullWidthMax\">\n<div data-card-link=\"https:\/\/data.graz.gv.at\/graz\/gemeinderatsprotokolle-2011-graz\/\" class=\"et_pb_column et_pb_column_4_4 et_pb_column_5 et_pb_clickable et_pb_css_mix_blend_mode_passthrough et-last-child clickableCard hoverEffect\">\n<div class=\"et_pb_module et_pb_text et_pb_text_5 et_pb_bg_layout_light p-4 border\">\n<p class=\"fs-6 fw-bold colorBlue inline\">Datensatz<\/p>\n<p class=\"fs-6 fw-bold colorBlack inline float-end\">Ver\u00f6ffentlicht am 07.09.2014<\/p>\n<h2 class=\"fw-bold\">Gemeinderatsprotokolle 2011 Graz<\/h2>\n<p class=\"fs-6 fw-medium colorBlack\">die Protokolle der Grazer Gemeinderatssitzungen im Jahr 2011<\/p>\n<p class=\"fw-normal colorBlack\">12 Downloads<\/p>\n<ul class=\"noBulletPoint ps-0\">\n<li class=\"pt-2\"><a class=\"fs-6 fw-normal pt-1 colorBlack\" href=\"\/\/data.graz.gv.at\/graz\/wp-content\/uploads\/2024\/06\/2011_01_13.txt\" title=\"TXT-Datei herunterladen\" target=\"_blank\"><span class=\"et_pb_icon_wrap \"><i class=\"fas fa-download colorBlack pe-2\"><\/i><\/span>das Protokoll der Gemeinderatssitzung vom 13.01.2011 als .txt-Datei (TXT)<\/a><\/li>\n<li class=\"pt-2\"><a class=\"fs-6 fw-normal pt-1 colorBlack\" href=\"\/\/data.graz.gv.at\/graz\/wp-content\/uploads\/2024\/06\/2011_09_22.txt\" title=\"TXT-Datei herunterladen\" target=\"_blank\"><span class=\"et_pb_icon_wrap \"><i class=\"fas fa-download colorBlack pe-2\"><\/i><\/span>das Protokoll der Gemeinderatssitzung vom 22.09.2011 als .txt-Datei (TXT)<\/a><\/li>\n<li class=\"pt-2\"><a class=\"fs-6 fw-normal pt-1 colorBlack\" href=\"\/\/data.graz.gv.at\/graz\/wp-content\/uploads\/2024\/06\/2011_01_20.txt\" title=\"TXT-Datei herunterladen\" target=\"_blank\"><span class=\"et_pb_icon_wrap \"><i class=\"fas fa-download colorBlack pe-2\"><\/i><\/span>das Protokoll der Gemeinderatssitzung vom 20.01.2011 als .txt-Datei (TXT)<\/a><\/li>\n<li class=\"pt-2\"><a class=\"fs-6 fw-normal pt-1 colorBlack\" href=\"\/\/data.graz.gv.at\/graz\/wp-content\/uploads\/2024\/06\/2011_04_14.txt\" title=\"TXT-Datei herunterladen\" target=\"_blank\"><span class=\"et_pb_icon_wrap \"><i class=\"fas fa-download colorBlack pe-2\"><\/i><\/span>das Protokoll der Gemeinderatssitzung vom 14.04.2011 als .txt-Datei (TXT)<\/a><\/li>\n<li class=\"pt-2\"><a class=\"fs-6 fw-normal pt-1 colorBlack\" href=\"\/\/data.graz.gv.at\/graz\/wp-content\/uploads\/2024\/06\/2011_10_20.txt\" title=\"TXT-Datei herunterladen\" target=\"_blank\"><span class=\"et_pb_icon_wrap \"><i class=\"fas fa-download colorBlack pe-2\"><\/i><\/span>das Protokoll der Gemeinderatssitzung vom 20.10.2011 als .txt-Datei (TXT)<\/a><\/li>\n<\/ul>\n<p><a class=\"fw-normal ps-2\" href=\"https:\/\/data.graz.gv.at\/graz\/gemeinderatsprotokolle-2011-graz\/#downloads\">Mehr Downloads<\/a>\n<\/div>\n<\/div>\n<\/div>\n<div class=\"et_pb_row et_pb_row_6 fullWidthMax\">\n<div data-card-link=\"https:\/\/data.graz.gv.at\/graz\/giftmuell_express-graz\/\" class=\"et_pb_column et_pb_column_4_4 et_pb_column_6 et_pb_clickable et_pb_css_mix_blend_mode_passthrough et-last-child clickableCard hoverEffect\">\n<div class=\"et_pb_module et_pb_text et_pb_text_6 et_pb_bg_layout_light p-4 border\">\n<p class=\"fs-6 fw-bold colorBlue inline\">Datensatz<\/p>\n<p class=\"fs-6 fw-bold colorBlack inline float-end\">Ver\u00f6ffentlicht am 07.09.2014<\/p>\n<h2 class=\"fw-bold\">Giftmuell_Express  Graz<\/h2>\n<p class=\"fs-6 fw-medium colorBlack\">Informationen \u00fcber die Giftm\u00fcllabgabestellen in Graz mit Adressen und Abgabezeiten<\/p>\n<p class=\"fw-normal colorBlack\">1 Downloads<\/p>\n<ul class=\"noBulletPoint ps-0\">\n<li class=\"pt-2\"><a class=\"fs-6 fw-normal pt-1 colorBlack\" href=\"\/\/geodaten.graz.at\/arcgis\/rest\/services\/OGD\/OGD_WFS\/MapServer\/3\/query\" title=\"WFS-Datei herunterladen\" target=\"_blank\"><span class=\"et_pb_icon_wrap \"><i class=\"fas fa-download colorBlack pe-2\"><\/i><\/span>Giftm\u00fcllexpress (WFS)<\/a><\/li>\n<\/ul>\n<\/div>\n<\/div>\n<\/div>\n<div class=\"et_pb_row et_pb_row_7 fullWidthMax\">\n<div data-card-link=\"https:\/\/data.graz.gv.at\/graz\/kunst-und-kulturberichte-der-stadt-graz\/\" class=\"et_pb_column et_pb_column_4_4 et_pb_column_7 et_pb_clickable et_pb_css_mix_blend_mode_passthrough et-last-child clickableCard hoverEffect\">\n<div class=\"et_pb_module et_pb_text et_pb_text_7 et_pb_bg_layout_light p-4 border\">\n<p class=\"fs-6 fw-bold colorBlue inline\">Datensatz<\/p>\n<p class=\"fs-6 fw-bold colorBlack inline float-end\">Ver\u00f6ffentlicht am 07.09.2014<\/p>\n<h2 class=\"fw-bold\">Kunst- und Kulturberichte der Stadt Graz<\/h2>\n<p class=\"fs-6 fw-medium colorBlack\">die Kunst- und Kulturberichte der Stadt Graz ab 2003<\/p>\n<p class=\"fw-normal colorBlack\">18 Downloads<\/p>\n<ul class=\"noBulletPoint ps-0\">\n<li class=\"pt-2\"><a class=\"fs-6 fw-normal pt-1 colorBlack\" href=\"\/\/data.graz.gv.at\/graz\/wp-content\/uploads\/2024\/06\/kunst_kulturbericht_2010.pdf\" title=\"PDF-Datei herunterladen\" target=\"_blank\"><span class=\"et_pb_icon_wrap \"><i class=\"fas fa-download colorBlack pe-2\"><\/i><\/span>Kunst- und Kulturbericht 2010 als .pdf-Datei (PDF)<\/a><\/li>\n<li class=\"pt-2\"><a class=\"fs-6 fw-normal pt-1 colorBlack\" href=\"\/\/data.graz.gv.at\/graz\/wp-content\/uploads\/2024\/07\/kunst_kulturbericht_2005.pdf\" title=\"PDF-Datei herunterladen\" target=\"_blank\"><span class=\"et_pb_icon_wrap \"><i class=\"fas fa-download colorBlack pe-2\"><\/i><\/span>Kunst- und Kulturbericht 2005 als .pdf-Datei (PDF)<\/a><\/li>\n<li class=\"pt-2\"><a class=\"fs-6 fw-normal pt-1 colorBlack\" href=\"\/\/data.graz.gv.at\/graz\/wp-content\/uploads\/2024\/06\/kunst_kulturbericht_2005.txt\" title=\"TXT-Datei herunterladen\" target=\"_blank\"><span class=\"et_pb_icon_wrap \"><i class=\"fas fa-download colorBlack pe-2\"><\/i><\/span>Kunst- und Kulturbericht 2005 als .txt &#8211; Datei (TXT)<\/a><\/li>\n<li class=\"pt-2\"><a class=\"fs-6 fw-normal pt-1 colorBlack\" href=\"\/\/data.graz.gv.at\/graz\/wp-content\/uploads\/2024\/06\/kunst_kulturbericht_2006.pdf\" title=\"PDF-Datei herunterladen\" target=\"_blank\"><span class=\"et_pb_icon_wrap \"><i class=\"fas fa-download colorBlack pe-2\"><\/i><\/span>Kunst- und Kulturbericht 2006 als .pdf-Datei (PDF)<\/a><\/li>\n<li class=\"pt-2\"><a class=\"fs-6 fw-normal pt-1 colorBlack\" href=\"\/\/data.graz.gv.at\/graz\/wp-content\/uploads\/2024\/06\/kunst_kulturbericht_2010.txt\" title=\"TXT-Datei herunterladen\" target=\"_blank\"><span class=\"et_pb_icon_wrap \"><i class=\"fas fa-download colorBlack pe-2\"><\/i><\/span>Kunst- und Kulturbericht 2010 als .txt &#8211; Datei (TXT)<\/a><\/li>\n<\/ul>\n<p><a class=\"fw-normal ps-2\" href=\"https:\/\/data.graz.gv.at\/graz\/kunst-und-kulturberichte-der-stadt-graz\/#downloads\">Mehr Downloads<\/a>\n<\/div>\n<\/div>\n<\/div>\n<div class=\"et_pb_row et_pb_row_8 fullWidthMax\">\n<div data-card-link=\"https:\/\/data.graz.gv.at\/graz\/rechnungsabschluss-beilage-4b-graz\/\" class=\"et_pb_column et_pb_column_4_4 et_pb_column_8 et_pb_clickable et_pb_css_mix_blend_mode_passthrough et-last-child clickableCard hoverEffect\">\n<div class=\"et_pb_module et_pb_text et_pb_text_8 et_pb_bg_layout_light p-4 border\">\n<p class=\"fs-6 fw-bold colorBlue inline\">Datensatz<\/p>\n<p class=\"fs-6 fw-bold colorBlack inline float-end\">Ver\u00f6ffentlicht am 29.06.2014<\/p>\n<h2 class=\"fw-bold\">Rechnungsabschluss Beilage 4b Graz<\/h2>\n<p class=\"fs-6 fw-medium colorBlack\">Beilage 4b zum Rechnungsabschluss &#8211; Schuldendienst(ab 2013)<\/p>\n<p class=\"fw-normal colorBlack\">5 Downloads<\/p>\n<ul class=\"noBulletPoint ps-0\">\n<li class=\"pt-2\"><a class=\"fs-6 fw-normal pt-1 colorBlack\" href=\"\/\/data.graz.gv.at\/graz\/wp-content\/uploads\/2024\/06\/Beilage-4B-Schuldendienst-RA-2013.csv\" title=\"CSV-Datei herunterladen\" target=\"_blank\"><span class=\"et_pb_icon_wrap \"><i class=\"fas fa-download colorBlack pe-2\"><\/i><\/span>Beilage 4b -Schuldendienst  RA 2013 (CSV)<\/a><\/li>\n<li class=\"pt-2\"><a class=\"fs-6 fw-normal pt-1 colorBlack\" href=\"\/\/data.graz.gv.at\/graz\/wp-content\/uploads\/2024\/06\/Beilage_4B_Schuldendienst_RA_2014.csv\" title=\"CSV-Datei herunterladen\" target=\"_blank\"><span class=\"et_pb_icon_wrap \"><i class=\"fas fa-download colorBlack pe-2\"><\/i><\/span>Beilage_4B_Schuldendienst_RA_2014 (CSV)<\/a><\/li>\n<li class=\"pt-2\"><a class=\"fs-6 fw-normal pt-1 colorBlack\" href=\"\/\/data.graz.gv.at\/graz\/wp-content\/uploads\/2024\/06\/Beilage_4B_Schuldendienst_RA_2016.csv\" title=\"CSV-Datei herunterladen\" target=\"_blank\"><span class=\"et_pb_icon_wrap \"><i class=\"fas fa-download colorBlack pe-2\"><\/i><\/span>Beilage_4B_Schuldendienst_RA_2016 (CSV)<\/a><\/li>\n<li class=\"pt-2\"><a class=\"fs-6 fw-normal pt-1 colorBlack\" href=\"\/\/data.graz.gv.at\/graz\/wp-content\/uploads\/2024\/06\/Beilage_4B_Schuldendienst_RA_2017.csv\" title=\"CSV-Datei herunterladen\" target=\"_blank\"><span class=\"et_pb_icon_wrap \"><i class=\"fas fa-download colorBlack pe-2\"><\/i><\/span>Beilage_4B_Schuldendienst_RA_2017 (CSV)<\/a><\/li>\n<li class=\"pt-2\"><a class=\"fs-6 fw-normal pt-1 colorBlack\" href=\"\/\/data.graz.gv.at\/graz\/wp-content\/uploads\/2024\/06\/Beilage_4B_Schuldendienst_RA_2015.csv\" title=\"CSV-Datei herunterladen\" target=\"_blank\"><span class=\"et_pb_icon_wrap \"><i class=\"fas fa-download colorBlack pe-2\"><\/i><\/span>Beilage_4B_Schuldendienst_RA_2015 (CSV)<\/a><\/li>\n<\/ul>\n<\/div>\n<\/div>\n<\/div>\n<div class=\"et_pb_row et_pb_row_9 fullWidthMax\">\n<div data-card-link=\"https:\/\/data.graz.gv.at\/graz\/strassenverzeichnis-graz\/\" class=\"et_pb_column et_pb_column_4_4 et_pb_column_9 et_pb_clickable et_pb_css_mix_blend_mode_passthrough et-last-child clickableCard hoverEffect\">\n<div class=\"et_pb_module et_pb_text et_pb_text_9 et_pb_bg_layout_light p-4 border\">\n<p class=\"fs-6 fw-bold colorBlue inline\">Datensatz<\/p>\n<p class=\"fs-6 fw-bold colorBlack inline float-end\">Ver\u00f6ffentlicht am 30.09.2013<\/p>\n<h2 class=\"fw-bold\">Stra\u00dfenverzeichnis Graz<\/h2>\n<p class=\"fs-6 fw-medium colorBlack\">Verzeichnis g\u00fcltiger Grazer Stra\u00dfennamen, (deren Namen von der Stadt Graz vergeben werden).<\/p>\n<p class=\"fw-normal colorBlack\">1 Downloads<\/p>\n<ul class=\"noBulletPoint ps-0\">\n<li class=\"pt-2\"><a class=\"fs-6 fw-normal pt-1 colorBlack\" href=\"\/\/data.graz.gv.at\/graz\/wp-content\/uploads\/2024\/06\/Straaenverzeichnis.txt\" title=\"TXT-Datei herunterladen\" target=\"_blank\"><span class=\"et_pb_icon_wrap \"><i class=\"fas fa-download colorBlack pe-2\"><\/i><\/span>Stra\u00dfenverzeichnis.txt (TXT)<\/a><\/li>\n<\/ul>\n<\/div>\n<\/div>\n<\/div>\n<div class=\"et_pb_row et_pb_row_10 fullWidthMax\">\n<div data-card-link=\"https:\/\/data.graz.gv.at\/graz\/umgebungslaermkarte-graz\/\" class=\"et_pb_column et_pb_column_4_4 et_pb_column_10 et_pb_clickable et_pb_css_mix_blend_mode_passthrough et-last-child clickableCard hoverEffect\">\n<div class=\"et_pb_module et_pb_text et_pb_text_10 et_pb_bg_layout_light p-4 border\">\n<p class=\"fs-6 fw-bold colorBlue inline\">Datensatz<\/p>\n<p class=\"fs-6 fw-bold colorBlack inline float-end\">Ver\u00f6ffentlicht am 30.09.2013<\/p>\n<h2 class=\"fw-bold\">Umgebungslaermkarte  Graz<\/h2>\n<p class=\"fs-6 fw-medium colorBlack\">fl\u00e4chendeckende Umgebungsl\u00e4rmkarte von Graz<\/p>\n<p class=\"fw-normal colorBlack\">1 Downloads<\/p>\n<ul class=\"noBulletPoint ps-0\">\n<li class=\"pt-2\"><a class=\"fs-6 fw-normal pt-1 colorBlack\" href=\"\/\/geodaten.graz.at\/server\/services\/Umgebungslaermkarte_Graz_2012\/MapServer\/WMSServer?request=GetCapabilities&#038;service=WMS\" title=\"WMS-Datei herunterladen\" target=\"_blank\"><span class=\"et_pb_icon_wrap \"><i class=\"fas fa-download colorBlack pe-2\"><\/i><\/span> (WMS)<\/a><\/li>\n<\/ul>\n<\/div>\n<\/div>\n<\/div>\n<div class=\"et_pb_row et_pb_row_11 fullWidthMax\">\n<div data-card-link=\"https:\/\/data.graz.gv.at\/graz\/vorhaben-der-stadt-graz\/\" class=\"et_pb_column et_pb_column_4_4 et_pb_column_11 et_pb_clickable et_pb_css_mix_blend_mode_passthrough et-last-child clickableCard hoverEffect\">\n<div class=\"et_pb_module et_pb_text et_pb_text_11 et_pb_bg_layout_light p-4 border\">\n<p class=\"fs-6 fw-bold colorBlue inline\">Datensatz<\/p>\n<p class=\"fs-6 fw-bold colorBlack inline float-end\">Ver\u00f6ffentlicht am 27.07.2016<\/p>\n<h2 class=\"fw-bold\">Vorhaben der Stadt Graz<\/h2>\n<p class=\"fs-6 fw-medium colorBlack\">Mit der Vorhabenliste m\u00f6chte die Stadt Graz m\u00f6glichst fr\u00fchzeitig \u00fcber anstehende gro\u00dfe Vorhaben informieren. Die&#8230;<\/p>\n<p class=\"fw-normal colorBlack\">1 Downloads<\/p>\n<ul class=\"noBulletPoint ps-0\">\n<li class=\"pt-2\"><a class=\"fs-6 fw-normal pt-1 colorBlack\" href=\"\/\/www4.graz.at\/vorhabenliste_json\/vorhaben.json\" title=\"JSON-Datei herunterladen\" target=\"_blank\"><span class=\"et_pb_icon_wrap \"><i class=\"fas fa-download colorBlack pe-2\"><\/i><\/span> (JSON)<\/a><\/li>\n<\/ul>\n<\/div>\n<\/div>\n<\/div>\n<div class=\"et_pb_row et_pb_row_12 fullWidthMax\">\n<div data-card-link=\"https:\/\/data.graz.gv.at\/graz\/vornamensstatistik-graz\/\" class=\"et_pb_column et_pb_column_4_4 et_pb_column_12 et_pb_clickable et_pb_css_mix_blend_mode_passthrough et-last-child clickableCard hoverEffect\">\n<div class=\"et_pb_module et_pb_text et_pb_text_12 et_pb_bg_layout_light p-4 border\">\n<p class=\"fs-6 fw-bold colorBlue inline\">Datensatz<\/p>\n<p class=\"fs-6 fw-bold colorBlack inline float-end\">Ver\u00f6ffentlicht am 07.12.2017<\/p>\n<h2 class=\"fw-bold\">Vornamensstatistik  Graz<\/h2>\n<p class=\"fs-6 fw-medium colorBlack\">Vornamens-Statistikdaten der Bundesanstalt Statistik Austria<\/p>\n<p class=\"fw-normal colorBlack\">3 Downloads<\/p>\n<ul class=\"noBulletPoint ps-0\">\n<li class=\"pt-2\"><a class=\"fs-6 fw-normal pt-1 colorBlack\" href=\"\/\/data.graz.gv.at\/graz\/wp-content\/uploads\/2024\/06\/vnalf2012graz.pdf\" title=\"PDF-Datei herunterladen\" target=\"_blank\"><span class=\"et_pb_icon_wrap \"><i class=\"fas fa-download colorBlack pe-2\"><\/i><\/span> (PDF)<\/a><\/li>\n<li class=\"pt-2\"><a class=\"fs-6 fw-normal pt-1 colorBlack\" href=\"\/\/data.graz.gv.at\/graz\/wp-content\/uploads\/2024\/06\/vnalf2010graz.pdf\" title=\"PDF-Datei herunterladen\" target=\"_blank\"><span class=\"et_pb_icon_wrap \"><i class=\"fas fa-download colorBlack pe-2\"><\/i><\/span>Vornamensstatistik 2010 als .pdf (PDF)<\/a><\/li>\n<li class=\"pt-2\"><a class=\"fs-6 fw-normal pt-1 colorBlack\" href=\"\/\/data.graz.gv.at\/graz\/wp-content\/uploads\/2024\/06\/vnalf2011graz.pdf\" title=\"PDF-Datei herunterladen\" target=\"_blank\"><span class=\"et_pb_icon_wrap \"><i class=\"fas fa-download colorBlack pe-2\"><\/i><\/span>Vornamens-Statistik 2011 f\u00fcr Graz (PDF)<\/a><\/li>\n<\/ul>\n<\/div>\n<\/div>\n<\/div>\n<div class=\"et_pb_row et_pb_row_13 fullWidthMax\">\n<div data-card-link=\"https:\/\/data.graz.gv.at\/graz\/wahlberechtigte-personen-bundespraesidentenwahl-stichwahl-2016-in-graz\/\" class=\"et_pb_column et_pb_column_4_4 et_pb_column_13 et_pb_clickable et_pb_css_mix_blend_mode_passthrough et-last-child clickableCard hoverEffect\">\n<div class=\"et_pb_module et_pb_text et_pb_text_13 et_pb_bg_layout_light p-4 border\">\n<p class=\"fs-6 fw-bold colorBlue inline\">Datensatz<\/p>\n<p class=\"fs-6 fw-bold colorBlack inline float-end\">Ver\u00f6ffentlicht am 26.09.2016<\/p>\n<h2 class=\"fw-bold\">Wahlberechtigte Personen Bundespr\u00e4sidentenwahl Stichwahl 2016 in Graz<\/h2>\n<p class=\"fs-6 fw-medium colorBlack\">Anzahl der wahlberechtigten Personen nach Grazer Wahlsprengel getrennt in M\u00e4nner und Frauen zum Stichtag 23.02.2016&#8230;<\/p>\n<p class=\"fw-normal colorBlack\">1 Downloads<\/p>\n<ul class=\"noBulletPoint ps-0\">\n<li class=\"pt-2\"><a class=\"fs-6 fw-normal pt-1 colorBlack\" href=\"\/\/data.graz.gv.at\/graz\/wp-content\/uploads\/2024\/07\/2016_bpw2_sprengel_wahlbe.csv\" title=\"CSV-Datei herunterladen\" target=\"_blank\"><span class=\"et_pb_icon_wrap \"><i class=\"fas fa-download colorBlack pe-2\"><\/i><\/span>Wahlberechtigte Personen Bundespr\u00e4sidentenwahl  Stichwahl  (CSV)<\/a><\/li>\n<\/ul>\n<\/div>\n<\/div>\n<\/div>\n<div class=\"et_pb_row et_pb_row_14 fullWidthMax\">\n<div data-card-link=\"https:\/\/data.graz.gv.at\/graz\/wahlergebnis-der-bundespraesidentenwahl-2010-in-der-stadt-graz\/\" class=\"et_pb_column et_pb_column_4_4 et_pb_column_14 et_pb_clickable et_pb_css_mix_blend_mode_passthrough et-last-child clickableCard hoverEffect\">\n<div class=\"et_pb_module et_pb_text et_pb_text_14 et_pb_bg_layout_light p-4 border\">\n<p class=\"fs-6 fw-bold colorBlue inline\">Datensatz<\/p>\n<p class=\"fs-6 fw-bold colorBlack inline float-end\">Ver\u00f6ffentlicht am 07.09.2014<\/p>\n<h2 class=\"fw-bold\">Wahlergebnis der Bundespr\u00e4sidentenwahl 2010 in der Stadt Graz<\/h2>\n<p class=\"fs-6 fw-medium colorBlack\">Wahlergebnis der Bundespr\u00e4sidentenwahl am 25.04.2010 in der Stadt Graz.  Stimmenergebnis nach Grazer Wahlsprengeln&#8230;<\/p>\n<p class=\"fw-normal colorBlack\">2 Downloads<\/p>\n<ul class=\"noBulletPoint ps-0\">\n<li class=\"pt-2\"><a class=\"fs-6 fw-normal pt-1 colorBlack\" href=\"\/\/data.graz.gv.at\/graz\/wp-content\/uploads\/2024\/07\/2010_bpw_wahlergebnis.pdf\" title=\"PDF-Datei herunterladen\" target=\"_blank\"><span class=\"et_pb_icon_wrap \"><i class=\"fas fa-download colorBlack pe-2\"><\/i><\/span>Grafik &#8211; Wahlergebnis der Bundespr\u00e4sidentenwahl 2010 in der Stadt Graz (PDF)<\/a><\/li>\n<li class=\"pt-2\"><a class=\"fs-6 fw-normal pt-1 colorBlack\" href=\"\/\/data.graz.gv.at\/graz\/wp-content\/uploads\/2024\/07\/2010_bpw_sprengelerg.csv\" title=\"CSV-Datei herunterladen\" target=\"_blank\"><span class=\"et_pb_icon_wrap \"><i class=\"fas fa-download colorBlack pe-2\"><\/i><\/span>Wahlergebnis der Bundespr\u00e4sidentenwahl 2010 in der Stadt Graz (CSV)<\/a><\/li>\n<\/ul>\n<\/div>\n<\/div>\n<\/div>\n<div class=\"et_pb_row et_pb_row_15 fullWidthMax\">\n<div data-card-link=\"https:\/\/data.graz.gv.at\/graz\/wahlergebnis-der-bundespraesidentenwahl-stichwahl-2016-in-der-stadt-graz\/\" class=\"et_pb_column et_pb_column_4_4 et_pb_column_15 et_pb_clickable et_pb_css_mix_blend_mode_passthrough et-last-child clickableCard hoverEffect\">\n<div class=\"et_pb_module et_pb_text et_pb_text_15 et_pb_bg_layout_light p-4 border\">\n<p class=\"fs-6 fw-bold colorBlue inline\">Datensatz<\/p>\n<p class=\"fs-6 fw-bold colorBlack inline float-end\">Ver\u00f6ffentlicht am 26.09.2016<\/p>\n<h2 class=\"fw-bold\">Wahlergebnis der Bundespr\u00e4sidentenwahl Stichwahl 2016 in der Stadt Graz<\/h2>\n<p class=\"fs-6 fw-medium colorBlack\">Wahlergebnis der Bundespr\u00e4sidentenwahl  Stichwahl 22.05.2016 in der Stadt Graz. Stimmenergebnis nach Grazer&#8230;<\/p>\n<p class=\"fw-normal colorBlack\">1 Downloads<\/p>\n<ul class=\"noBulletPoint ps-0\">\n<li class=\"pt-2\"><a class=\"fs-6 fw-normal pt-1 colorBlack\" href=\"\/\/data.graz.gv.at\/graz\/wp-content\/uploads\/2024\/07\/2016_bpw2_sprengelerg.csv\" title=\"CSV-Datei herunterladen\" target=\"_blank\"><span class=\"et_pb_icon_wrap \"><i class=\"fas fa-download colorBlack pe-2\"><\/i><\/span>Wahlergebnis der Stadt Graz Bundespr\u00e4sidentenwahl Stichwahl  (CSV)<\/a><\/li>\n<\/ul>\n<\/div>\n<\/div>\n<\/div>\n<div class=\"et_pb_row et_pb_row_16 fullWidthMax\">\n<div data-card-link=\"https:\/\/data.graz.gv.at\/graz\/wahlergebnis-der-europawahl-2009-in-der-stadt-graz\/\" class=\"et_pb_column et_pb_column_4_4 et_pb_column_16 et_pb_clickable et_pb_css_mix_blend_mode_passthrough et-last-child clickableCard hoverEffect\">\n<div class=\"et_pb_module et_pb_text et_pb_text_16 et_pb_bg_layout_light p-4 border\">\n<p class=\"fs-6 fw-bold colorBlue inline\">Datensatz<\/p>\n<p class=\"fs-6 fw-bold colorBlack inline float-end\">Ver\u00f6ffentlicht am 07.09.2014<\/p>\n<h2 class=\"fw-bold\">Wahlergebnis der Europawahl 2009 in der Stadt Graz<\/h2>\n<p class=\"fs-6 fw-medium colorBlack\">Wahlergebnis der Europawahl am 07.06.2009 in der Stadt Graz.    Stimmenergebnis nach Grazer Wahlsprengeln inklusive&#8230;<\/p>\n<p class=\"fw-normal colorBlack\">2 Downloads<\/p>\n<ul class=\"noBulletPoint ps-0\">\n<li class=\"pt-2\"><a class=\"fs-6 fw-normal pt-1 colorBlack\" href=\"\/\/data.graz.gv.at\/graz\/wp-content\/uploads\/2024\/07\/2009_euw_sprengelerg.csv\" title=\"CSV-Datei herunterladen\" target=\"_blank\"><span class=\"et_pb_icon_wrap \"><i class=\"fas fa-download colorBlack pe-2\"><\/i><\/span>Wahlergebnis der Europawahl 2009 in der Stadt Graz (CSV)<\/a><\/li>\n<li class=\"pt-2\"><a class=\"fs-6 fw-normal pt-1 colorBlack\" href=\"\/\/data.graz.gv.at\/graz\/wp-content\/uploads\/2024\/07\/2009_euw_wahlergebnis.pdf\" title=\"PDF-Datei herunterladen\" target=\"_blank\"><span class=\"et_pb_icon_wrap \"><i class=\"fas fa-download colorBlack pe-2\"><\/i><\/span>Grafik &#8211; Wahlergebnis der Europawahl 2009 in der Stadt Graz (PDF)<\/a><\/li>\n<\/ul>\n<\/div>\n<\/div>\n<\/div>\n<div class=\"et_pb_row et_pb_row_17 fullWidthMax\">\n<div data-card-link=\"https:\/\/data.graz.gv.at\/graz\/wahlergebnis-der-gemeinderatswahl-2017-in-der-stadt-graz\/\" class=\"et_pb_column et_pb_column_4_4 et_pb_column_17 et_pb_clickable et_pb_css_mix_blend_mode_passthrough et-last-child clickableCard hoverEffect\">\n<div class=\"et_pb_module et_pb_text et_pb_text_17 et_pb_bg_layout_light p-4 border\">\n<p class=\"fs-6 fw-bold colorBlue inline\">Datensatz<\/p>\n<p class=\"fs-6 fw-bold colorBlack inline float-end\">Ver\u00f6ffentlicht am 01.12.2017<\/p>\n<h2 class=\"fw-bold\">Wahlergebnis der Gemeinderatswahl 2017 in der Stadt Graz<\/h2>\n<p class=\"fs-6 fw-medium colorBlack\">Wahlergebnis der Gemeinderatswahl am 05.02.2017 in der Stadt Graz..    Stimmenergebnis nach Grazer Wahlsprengeln mit   -&#8230;<\/p>\n<p class=\"fw-normal colorBlack\">1 Downloads<\/p>\n<ul class=\"noBulletPoint ps-0\">\n<li class=\"pt-2\"><a class=\"fs-6 fw-normal pt-1 colorBlack\" href=\"\/\/data.graz.gv.at\/graz\/wp-content\/uploads\/2024\/07\/2017_grw_sprengelerg.csv\" title=\"CSV-Datei herunterladen\" target=\"_blank\"><span class=\"et_pb_icon_wrap \"><i class=\"fas fa-download colorBlack pe-2\"><\/i><\/span>Wahlergebnis der Gemeinderatswahl 2017 in der Stadt Graz (CSV)<\/a><\/li>\n<\/ul>\n<\/div>\n<\/div>\n<\/div>\n<div class=\"et_pb_row et_pb_row_18 fullWidthMax\">\n<div data-card-link=\"https:\/\/data.graz.gv.at\/graz\/wahlergebnis-der-gemeinderatswahl-2017-nach-grazer-bezirken\/\" class=\"et_pb_column et_pb_column_4_4 et_pb_column_18 et_pb_clickable et_pb_css_mix_blend_mode_passthrough et-last-child clickableCard hoverEffect\">\n<div class=\"et_pb_module et_pb_text et_pb_text_18 et_pb_bg_layout_light p-4 border\">\n<p class=\"fs-6 fw-bold colorBlue inline\">Datensatz<\/p>\n<p class=\"fs-6 fw-bold colorBlack inline float-end\">Ver\u00f6ffentlicht am 01.12.2017<\/p>\n<h2 class=\"fw-bold\">Wahlergebnis der Gemeinderatswahl 2017 nach Grazer Bezirken<\/h2>\n<p class=\"fs-6 fw-medium colorBlack\">Wahlergebnis der Gemeinderatswahl am 05.02.2017 in der Stadt Graz    Stimmenergebnis nach Grazer Bezirken jedoch ohne&#8230;<\/p>\n<p class=\"fw-normal colorBlack\">1 Downloads<\/p>\n<ul class=\"noBulletPoint ps-0\">\n<li class=\"pt-2\"><a class=\"fs-6 fw-normal pt-1 colorBlack\" href=\"\/\/data.graz.gv.at\/graz\/wp-content\/uploads\/2024\/07\/2017_grw_sprengelbezerg.csv\" title=\"CSV-Datei herunterladen\" target=\"_blank\"><span class=\"et_pb_icon_wrap \"><i class=\"fas fa-download colorBlack pe-2\"><\/i><\/span>Wahlergebnis der Gemeinderatswahl 2017 nach Grazer Bezirken (CSV)<\/a><\/li>\n<\/ul>\n<\/div>\n<\/div>\n<\/div>\n<div class=\"et_pb_row et_pb_row_19 fullWidthMax\">\n<div data-card-link=\"https:\/\/data.graz.gv.at\/graz\/wahlergebnis-der-landtagswahl-steiermark-2005-in-der-stadt-graz\/\" class=\"et_pb_column et_pb_column_4_4 et_pb_column_19 et_pb_clickable et_pb_css_mix_blend_mode_passthrough et-last-child clickableCard hoverEffect\">\n<div class=\"et_pb_module et_pb_text et_pb_text_19 et_pb_bg_layout_light p-4 border\">\n<p class=\"fs-6 fw-bold colorBlue inline\">Datensatz<\/p>\n<p class=\"fs-6 fw-bold colorBlack inline float-end\">Ver\u00f6ffentlicht am 07.09.2014<\/p>\n<h2 class=\"fw-bold\">Wahlergebnis der Landtagswahl Steiermark 2005 in der Stadt Graz<\/h2>\n<p class=\"fs-6 fw-medium colorBlack\">Wahlergebnis der Landtagswahl am 02.10.2005 in der Stadt Graz. Stimmenergebnis nach Grazer Wahlsprengeln inklusive&#8230;<\/p>\n<p class=\"fw-normal colorBlack\">2 Downloads<\/p>\n<ul class=\"noBulletPoint ps-0\">\n<li class=\"pt-2\"><a class=\"fs-6 fw-normal pt-1 colorBlack\" href=\"\/\/data.graz.gv.at\/graz\/wp-content\/uploads\/2024\/07\/2005_ltw_wahlergebnis.pdf\" title=\"PDF-Datei herunterladen\" target=\"_blank\"><span class=\"et_pb_icon_wrap \"><i class=\"fas fa-download colorBlack pe-2\"><\/i><\/span>Grafik &#8211; Wahlergebnis der Landtagswahl Steiermark 2005 in der Stadt Graz (PDF)<\/a><\/li>\n<li class=\"pt-2\"><a class=\"fs-6 fw-normal pt-1 colorBlack\" href=\"\/\/data.graz.gv.at\/graz\/wp-content\/uploads\/2024\/07\/2005_ltw_sprengelerg.csv\" title=\"CSV-Datei herunterladen\" target=\"_blank\"><span class=\"et_pb_icon_wrap \"><i class=\"fas fa-download colorBlack pe-2\"><\/i><\/span>Wahlergebnis der Landtagswahl Steiermark 2005 in der Stadt Graz (CSV)<\/a><\/li>\n<\/ul>\n<\/div>\n<\/div>\n<\/div>\n<div class=\"et_pb_row et_pb_row_20 fullWidthMax\">\n<div data-card-link=\"https:\/\/data.graz.gv.at\/graz\/wahlergebnis-der-landtagswahl-steiermark-2015-in-der-stadt-graz\/\" class=\"et_pb_column et_pb_column_4_4 et_pb_column_20 et_pb_clickable et_pb_css_mix_blend_mode_passthrough et-last-child clickableCard hoverEffect\">\n<div class=\"et_pb_module et_pb_text et_pb_text_20 et_pb_bg_layout_light p-4 border\">\n<p class=\"fs-6 fw-bold colorBlue inline\">Datensatz<\/p>\n<p class=\"fs-6 fw-bold colorBlack inline float-end\">Ver\u00f6ffentlicht am 26.09.2016<\/p>\n<h2 class=\"fw-bold\">Wahlergebnis der Landtagswahl Steiermark 2015 in der Stadt Graz<\/h2>\n<p class=\"fs-6 fw-medium colorBlack\">Wahlergebnis der Landtagswahl Steiermark am 30.03.2015 in der Stadt Graz.    Stimmenergebnis nach Grazer Wahlsprengeln&#8230;<\/p>\n<p class=\"fw-normal colorBlack\">1 Downloads<\/p>\n<ul class=\"noBulletPoint ps-0\">\n<li class=\"pt-2\"><a class=\"fs-6 fw-normal pt-1 colorBlack\" href=\"\/\/data.graz.gv.at\/graz\/wp-content\/uploads\/2024\/07\/2015_ltw_sprengelerg.csv\" title=\"CSV-Datei herunterladen\" target=\"_blank\"><span class=\"et_pb_icon_wrap \"><i class=\"fas fa-download colorBlack pe-2\"><\/i><\/span>Wahlergebnis der Landtagswahl 2015 nach Grazer Wahlsprengeln (CSV)<\/a><\/li>\n<\/ul>\n<\/div>\n<\/div>\n<\/div>\n<div class=\"et_pb_row et_pb_row_21 fullWidthMax\">\n<div data-card-link=\"https:\/\/data.graz.gv.at\/graz\/wahlergebnis-der-nationalratswahl-2013-in-der-stadt-graz\/\" class=\"et_pb_column et_pb_column_4_4 et_pb_column_21 et_pb_clickable et_pb_css_mix_blend_mode_passthrough et-last-child clickableCard hoverEffect\">\n<div class=\"et_pb_module et_pb_text et_pb_text_21 et_pb_bg_layout_light p-4 border\">\n<p class=\"fs-6 fw-bold colorBlue inline\">Datensatz<\/p>\n<p class=\"fs-6 fw-bold colorBlack inline float-end\">Ver\u00f6ffentlicht am 13.01.2014<\/p>\n<h2 class=\"fw-bold\">Wahlergebnis der Nationalratswahl 2013 in der Stadt Graz<\/h2>\n<p class=\"fs-6 fw-medium colorBlack\">Wahlergebnis der Stadt Graz Nationalratswahl am 29. September 2013 in der Stadt Graz nach Grazer Wahlsprengel.<\/p>\n<p class=\"fw-normal colorBlack\">1 Downloads<\/p>\n<ul class=\"noBulletPoint ps-0\">\n<li class=\"pt-2\"><a class=\"fs-6 fw-normal pt-1 colorBlack\" href=\"\/\/data.graz.gv.at\/graz\/wp-content\/uploads\/2024\/07\/2013_nrw_sprengelerg.csv\" title=\"CSV-Datei herunterladen\" target=\"_blank\"><span class=\"et_pb_icon_wrap \"><i class=\"fas fa-download colorBlack pe-2\"><\/i><\/span>Stimmenergebnis nach Grazer Wahlsprengeln. (CSV)<\/a><\/li>\n<\/ul>\n<\/div>\n<\/div>\n<\/div>\n<div class=\"et_pb_row et_pb_row_22 fullWidthMax\">\n<div data-card-link=\"https:\/\/data.graz.gv.at\/graz\/wahlergebnis-der-nationalratswahl-2019-in-der-stadt-graz\/\" class=\"et_pb_column et_pb_column_4_4 et_pb_column_22 et_pb_clickable et_pb_css_mix_blend_mode_passthrough et-last-child clickableCard hoverEffect\">\n<div class=\"et_pb_module et_pb_text et_pb_text_22 et_pb_bg_layout_light p-4 border\">\n<p class=\"fs-6 fw-bold colorBlue inline\">Datensatz<\/p>\n<p class=\"fs-6 fw-bold colorBlack inline float-end\">Ver\u00f6ffentlicht am 23.12.2019<\/p>\n<h2 class=\"fw-bold\">Wahlergebnis der Nationalratswahl 2019 in der Stadt Graz<\/h2>\n<p class=\"fs-6 fw-medium colorBlack\">Wahlergebnis der Nationalratswahl am 29.09.2019 in der Stadt Graz. Stimmenergebnis nach Grazer Wahlsprengeln.    wkurz,&#8230;<\/p>\n<p class=\"fw-normal colorBlack\">1 Downloads<\/p>\n<ul class=\"noBulletPoint ps-0\">\n<li class=\"pt-2\"><a class=\"fs-6 fw-normal pt-1 colorBlack\" href=\"https:\/\/data.graz.gv.at\/\/katalog\/verwaltung%20und%20politik\/wahlen\/2019_nrw_sprengelerg.csv\" title=\"CSV-Datei herunterladen\" target=\"_blank\"><span class=\"et_pb_icon_wrap \"><i class=\"fas fa-download colorBlack pe-2\"><\/i><\/span> (CSV)<\/a><\/li>\n<\/ul>\n<\/div>\n<\/div>\n<\/div>\n<div class=\"et_pb_row et_pb_row_23 fullWidthMax\">\n<div data-card-link=\"https:\/\/data.graz.gv.at\/graz\/wahlergebnis-der-nationalratswahl-2019-nach-grazer-bezirken\/\" class=\"et_pb_column et_pb_column_4_4 et_pb_column_23 et_pb_clickable et_pb_css_mix_blend_mode_passthrough et-last-child clickableCard hoverEffect\">\n<div class=\"et_pb_module et_pb_text et_pb_text_23 et_pb_bg_layout_light p-4 border\">\n<p class=\"fs-6 fw-bold colorBlue inline\">Datensatz<\/p>\n<p class=\"fs-6 fw-bold colorBlack inline float-end\">Ver\u00f6ffentlicht am 23.12.2019<\/p>\n<h2 class=\"fw-bold\">Wahlergebnis der Nationalratswahl 2019 nach Grazer Bezirken<\/h2>\n<p class=\"fs-6 fw-medium colorBlack\">Wahlergebnis der Nationalratswahl am 29.09.2019 in der Stadt Graz.Wahlergebnis nach Grazer Wahlsprengeln inkl.  &#8211; 2&#8230;<\/p>\n<p class=\"fw-normal colorBlack\">1 Downloads<\/p>\n<ul class=\"noBulletPoint ps-0\">\n<li class=\"pt-2\"><a class=\"fs-6 fw-normal pt-1 colorBlack\" href=\"https:\/\/data.graz.gv.at\/\/katalog\/verwaltung%20und%20politik\/wahlen\/2019_nrw_sprengelbezerg.csv\" title=\"CSV-Datei herunterladen\" target=\"_blank\"><span class=\"et_pb_icon_wrap \"><i class=\"fas fa-download colorBlack pe-2\"><\/i><\/span>Wahlergebnis der Nationalratswahl 2019 nach Grazer Bezirken (CSV)<\/a><\/li>\n<\/ul>\n<\/div>\n<\/div>\n<\/div>\n<div class=\"et_pb_row et_pb_row_24 fullWidthMax\">\n<div data-card-link=\"https:\/\/data.graz.gv.at\/graz\/die-grazer-bevoelkerung-nach-bezirk-und-eu-staatsbuergerschaft\/\" class=\"et_pb_column et_pb_column_4_4 et_pb_column_24 et_pb_clickable et_pb_css_mix_blend_mode_passthrough et-last-child clickableCard hoverEffect\">\n<div class=\"et_pb_module et_pb_text et_pb_text_24 et_pb_bg_layout_light p-4 border\">\n<p class=\"fs-6 fw-bold colorBlue inline\">Datensatz<\/p>\n<p class=\"fs-6 fw-bold colorBlack inline float-end\">Ver\u00f6ffentlicht am 07.09.2014<\/p>\n<h2 class=\"fw-bold\">die Grazer Bev\u00f6lkerung nach Bezirk und EU-Staatsb\u00fcrgerschaft<\/h2>\n<p class=\"fs-6 fw-medium colorBlack\">die anwesende Grazer Bev\u00f6lkerung (= Haupt- und Nebenwohnsitze gesamt)  nach Bezirk und Eu-Zugeh\u00f6rigkeit der&#8230;<\/p>\n<p class=\"fw-normal colorBlack\">2 Downloads<\/p>\n<ul class=\"noBulletPoint ps-0\">\n<li class=\"pt-2\"><a class=\"fs-6 fw-normal pt-1 colorBlack\" href=\"\/\/data.graz.gv.at\/graz\/wp-content\/uploads\/2024\/06\/03_bev_bez_STB_EUKZ.csv\" title=\"CSV-Datei herunterladen\" target=\"_blank\"><span class=\"et_pb_icon_wrap \"><i class=\"fas fa-download colorBlack pe-2\"><\/i><\/span>die anwesende Grazer Bev\u00f6lkerung (= Haupt- und Nebenwohnsitze gesamt)  nach Bezirk und Eu-Zugeh\u00f6rigkeitab 1.1.2006 (CSV)<\/a><\/li>\n<li class=\"pt-2\"><a class=\"fs-6 fw-normal pt-1 colorBlack\" href=\"\/\/data.graz.gv.at\/graz\/wp-content\/uploads\/2024\/06\/03_pdf.pdf\" title=\"PDF-Datei herunterladen\" target=\"_blank\"><span class=\"et_pb_icon_wrap \"><i class=\"fas fa-download colorBlack pe-2\"><\/i><\/span>\u00dcberblick \u00fcber die Grazer Bev\u00f6lkerung nach Bezirk und EU-Angeh\u00f6rigkeit 2017 bis 2023 (PDF)<\/a><\/li>\n<\/ul>\n<\/div>\n<\/div>\n<\/div>\n<div class=\"et_pb_row et_pb_row_25 fullWidthMax\">\n<div data-card-link=\"https:\/\/data.graz.gv.at\/graz\/die-grazer-bevoelkerung-nach-bezirk-und-geschlecht\/\" class=\"et_pb_column et_pb_column_4_4 et_pb_column_25 et_pb_clickable et_pb_css_mix_blend_mode_passthrough et-last-child clickableCard hoverEffect\">\n<div class=\"et_pb_module et_pb_text et_pb_text_25 et_pb_bg_layout_light p-4 border\">\n<p class=\"fs-6 fw-bold colorBlue inline\">Datensatz<\/p>\n<p class=\"fs-6 fw-bold colorBlack inline float-end\">Ver\u00f6ffentlicht am 07.09.2014<\/p>\n<h2 class=\"fw-bold\">die Grazer Bev\u00f6lkerung nach Bezirk und Geschlecht<\/h2>\n<p class=\"fs-6 fw-medium colorBlack\">die anwesende Grazer Bev\u00f6lkerung (= Haupt- und Nebenwohnsitze gesamt) nach Bezirk und Geschlecht, monatliche Stichtage&#8230;<\/p>\n<p class=\"fw-normal colorBlack\">2 Downloads<\/p>\n<ul class=\"noBulletPoint ps-0\">\n<li class=\"pt-2\"><a class=\"fs-6 fw-normal pt-1 colorBlack\" href=\"\/\/data.graz.gv.at\/graz\/wp-content\/uploads\/2024\/06\/01_bev_bez_Geschlecht.csv\" title=\"CSV-Datei herunterladen\" target=\"_blank\"><span class=\"et_pb_icon_wrap \"><i class=\"fas fa-download colorBlack pe-2\"><\/i><\/span>die Grazer Bev\u00f6lkerung nach Bezirk und Geschlecht (= Haupt- und Nebenwohnsitze gesamt) monatliche Stichtage beginnend mit dem 1.1.2006 (CSV)<\/a><\/li>\n<li class=\"pt-2\"><a class=\"fs-6 fw-normal pt-1 colorBlack\" href=\"\/\/data.graz.gv.at\/graz\/wp-content\/uploads\/2024\/06\/01_pdf.pdf\" title=\"PDF-Datei herunterladen\" target=\"_blank\"><span class=\"et_pb_icon_wrap \"><i class=\"fas fa-download colorBlack pe-2\"><\/i><\/span>\u00dcberblick \u00fcber die Grazer Bev\u00f6lkerung nach Bezirk und Geschlecht 2017 bis 2023 (PDF)<\/a><\/li>\n<\/ul>\n<\/div>\n<\/div>\n<\/div>\n<div class=\"et_pb_row et_pb_row_26 fullWidthMax\">\n<div data-card-link=\"https:\/\/data.graz.gv.at\/graz\/die-grazer-bevoelkerung-nach-bezirk-und-kontinent\/\" class=\"et_pb_column et_pb_column_4_4 et_pb_column_26 et_pb_clickable et_pb_css_mix_blend_mode_passthrough et-last-child clickableCard hoverEffect\">\n<div class=\"et_pb_module et_pb_text et_pb_text_26 et_pb_bg_layout_light p-4 border\">\n<p class=\"fs-6 fw-bold colorBlue inline\">Datensatz<\/p>\n<p class=\"fs-6 fw-bold colorBlack inline float-end\">Ver\u00f6ffentlicht am 07.09.2014<\/p>\n<h2 class=\"fw-bold\">die Grazer Bev\u00f6lkerung nach Bezirk und Kontinent<\/h2>\n<p class=\"fs-6 fw-medium colorBlack\">die anwesende Grazer Bev\u00f6lkerung (= Haupt- und Nebenwohnsitze gesamt) nach Bezirk und Kontinent, monatliche Stichtage&#8230;<\/p>\n<p class=\"fw-normal colorBlack\">2 Downloads<\/p>\n<ul class=\"noBulletPoint ps-0\">\n<li class=\"pt-2\"><a class=\"fs-6 fw-normal pt-1 colorBlack\" href=\"\/\/data.graz.gv.at\/graz\/wp-content\/uploads\/2024\/06\/02_bev_bez_STB_Kontinent.csv\" title=\"CSV-Datei herunterladen\" target=\"_blank\"><span class=\"et_pb_icon_wrap \"><i class=\"fas fa-download colorBlack pe-2\"><\/i><\/span>die anwesende Grazer Bev\u00f6lkerung (= Haupt- und Nebenwohnsitze gesamt) nach Bezirk und Kontinent ab 1.1.2006 (CSV)<\/a><\/li>\n<li class=\"pt-2\"><a class=\"fs-6 fw-normal pt-1 colorBlack\" href=\"\/\/data.graz.gv.at\/graz\/wp-content\/uploads\/2024\/06\/02_pdf.pdf\" title=\"PDF-Datei herunterladen\" target=\"_blank\"><span class=\"et_pb_icon_wrap \"><i class=\"fas fa-download colorBlack pe-2\"><\/i><\/span>\u00dcberblick \u00fcber die Grazer Bev\u00f6lkerung nach Bezirk und Kontinent beginnend mit 1.1.2017 (PDF)<\/a><\/li>\n<\/ul>\n<\/div>\n<\/div>\n<\/div>\n<div class=\"et_pb_row et_pb_row_27 fullWidthMax\">\n<div data-card-link=\"https:\/\/data.graz.gv.at\/graz\/die-grazer-bevoelkerung-nach-bezirk-und-staatsangehoerigkeit\/\" class=\"et_pb_column et_pb_column_4_4 et_pb_column_27 et_pb_clickable et_pb_css_mix_blend_mode_passthrough et-last-child clickableCard hoverEffect\">\n<div class=\"et_pb_module et_pb_text et_pb_text_27 et_pb_bg_layout_light p-4 border\">\n<p class=\"fs-6 fw-bold colorBlue inline\">Datensatz<\/p>\n<p class=\"fs-6 fw-bold colorBlack inline float-end\">Ver\u00f6ffentlicht am 07.09.2014<\/p>\n<h2 class=\"fw-bold\">die Grazer Bev\u00f6lkerung nach Bezirk und Staatsangeh\u00f6rigkeit<\/h2>\n<p class=\"fs-6 fw-medium colorBlack\">die anwesende Grazer Bev\u00f6lkerung (= Haupt- und Nebenwohnsitze gesamt) nach Bezirk und Staatsangeh\u00f6rigkeit beginnend&#8230;<\/p>\n<p class=\"fw-normal colorBlack\">2 Downloads<\/p>\n<ul class=\"noBulletPoint ps-0\">\n<li class=\"pt-2\"><a class=\"fs-6 fw-normal pt-1 colorBlack\" href=\"\/\/data.graz.gv.at\/graz\/wp-content\/uploads\/2025\/02\/05_bev_bez_STB_Land.csv\" title=\"CSV-Datei herunterladen\" target=\"_blank\"><span class=\"et_pb_icon_wrap \"><i class=\"fas fa-download colorBlack pe-2\"><\/i><\/span>die anwesende Grazer Bev\u00f6lkerung (= Haupt- und Nebenwohnsitze gesamt) nach Bezirk und Staatsangeh\u00f6rigkeit beginnend mit 1.1.2006 (CSV)<\/a><\/li>\n<li class=\"pt-2\"><a class=\"fs-6 fw-normal pt-1 colorBlack\" href=\"\/\/data.graz.gv.at\/graz\/wp-content\/uploads\/2024\/06\/05_pdf.pdf\" title=\"PDF-Datei herunterladen\" target=\"_blank\"><span class=\"et_pb_icon_wrap \"><i class=\"fas fa-download colorBlack pe-2\"><\/i><\/span>\u00dcberblick \u00fcber die Grazer Bev\u00f6lkerung nach Staatsb\u00fcrgerschaft der Jahre 2017 bis 2023 (PDF)<\/a><\/li>\n<\/ul>\n<\/div>\n<\/div>\n<\/div>\n<div class=\"et_pb_row et_pb_row_28 fullWidthMax\">\n<div data-card-link=\"https:\/\/data.graz.gv.at\/graz\/die-grazer-bevoelkerung-nach-bezirk-und-staatsangehoerigkeit_lcd3\/\" class=\"et_pb_column et_pb_column_4_4 et_pb_column_28 et_pb_clickable et_pb_css_mix_blend_mode_passthrough et-last-child clickableCard hoverEffect\">\n<div class=\"et_pb_module et_pb_text et_pb_text_28 et_pb_bg_layout_light p-4 border\">\n<p class=\"fs-6 fw-bold colorBlue inline\">Datensatz<\/p>\n<p class=\"fs-6 fw-bold colorBlack inline float-end\">Ver\u00f6ffentlicht am 07.09.2014<\/p>\n<h2 class=\"fw-bold\">die Grazer Bev\u00f6lkerung nach Bezirk und Staatsangeh\u00f6rigkeit_lcd3<\/h2>\n<p class=\"fs-6 fw-medium colorBlack\">die anwesende Grazer Bev\u00f6lkerung (= Haupt- und Nebenwohnsitze gesamt) nach Bezirk und Staatsangeh\u00f6rigkeit  nach&#8230;<\/p>\n<p class=\"fw-normal colorBlack\">2 Downloads<\/p>\n<ul class=\"noBulletPoint ps-0\">\n<li class=\"pt-2\"><a class=\"fs-6 fw-normal pt-1 colorBlack\" href=\"\/\/data.graz.gv.at\/graz\/wp-content\/uploads\/2025\/02\/04_bev_bez_STB_LCD3.csv\" title=\"CSV-Datei herunterladen\" target=\"_blank\"><span class=\"et_pb_icon_wrap \"><i class=\"fas fa-download colorBlack pe-2\"><\/i><\/span>die anwesende Grazer Bev\u00f6lkerung (= Haupt- und Nebenwohnsitze gesamt) nach Bezirk und Staatsangeh\u00f6rigkeitcode (LCD 3) beginnend mit dem 1.1.2006 (CSV)<\/a><\/li>\n<li class=\"pt-2\"><a class=\"fs-6 fw-normal pt-1 colorBlack\" href=\"\/\/data.graz.gv.at\/graz\/wp-content\/uploads\/2024\/06\/04_pdf.pdf\" title=\"PDF-Datei herunterladen\" target=\"_blank\"><span class=\"et_pb_icon_wrap \"><i class=\"fas fa-download colorBlack pe-2\"><\/i><\/span>\u00dcberblick \u00fcber die  Grazer Bev\u00f6lkerung nach Bezirk und Staatsangeh\u00f6rigkeitcode (LCD 3) beginnend mit dem 1.1.2017 (PDF)<\/a><\/li>\n<\/ul>\n<\/div>\n<\/div>\n<\/div>\n<div class=\"et_pb_row et_pb_row_29 fullWidthMax\">\n<div data-card-link=\"https:\/\/data.graz.gv.at\/graz\/die-grazer-bevoelkerung-nach-wohnsitzkennzeichen\/\" class=\"et_pb_column et_pb_column_4_4 et_pb_column_29 et_pb_clickable et_pb_css_mix_blend_mode_passthrough et-last-child clickableCard hoverEffect\">\n<div class=\"et_pb_module et_pb_text et_pb_text_29 et_pb_bg_layout_light p-4 border\">\n<p class=\"fs-6 fw-bold colorBlue inline\">Datensatz<\/p>\n<p class=\"fs-6 fw-bold colorBlack inline float-end\">Ver\u00f6ffentlicht am 07.09.2014<\/p>\n<h2 class=\"fw-bold\">die Grazer Bev\u00f6lkerung nach Wohnsitzkennzeichen<\/h2>\n<p class=\"fs-6 fw-medium colorBlack\">die anwesende Grazer Bev\u00f6lkerung (= Haupt- und Nebenwohnsitze gesamt) unterteilt nach Wohnsitzkennzeichen; monatliche&#8230;<\/p>\n<p class=\"fw-normal colorBlack\">2 Downloads<\/p>\n<ul class=\"noBulletPoint ps-0\">\n<li class=\"pt-2\"><a class=\"fs-6 fw-normal pt-1 colorBlack\" href=\"\/\/data.graz.gv.at\/graz\/wp-content\/uploads\/2024\/06\/00_pdf.pdf\" title=\"PDF-Datei herunterladen\" target=\"_blank\"><span class=\"et_pb_icon_wrap \"><i class=\"fas fa-download colorBlack pe-2\"><\/i><\/span>\u00dcberblick \u00fcber die Grazer Bev\u00f6lkerung nach Bezirk und Wohnsitzkennzeichen seit 1.1.2017 (PDF)<\/a><\/li>\n<li class=\"pt-2\"><a class=\"fs-6 fw-normal pt-1 colorBlack\" href=\"\/\/data.graz.gv.at\/graz\/wp-content\/uploads\/2024\/06\/00_bev_bez_Wohnsitzkennzeichen.csv\" title=\"CSV-Datei herunterladen\" target=\"_blank\"><span class=\"et_pb_icon_wrap \"><i class=\"fas fa-download colorBlack pe-2\"><\/i><\/span>die Grazer Bev\u00f6lkerung nach Bezirk und Wohnsitzkennzeichen ab 1.1.2006 (CSV)<\/a><\/li>\n<\/ul>\n<\/div>\n<\/div>\n<\/div>\n<\/div>\n<\/div>\n","protected":false},"excerpt":{"rendered":"<p>Alle Daten Datensatz Ver\u00f6ffentlicht am 07.09.2014 Basiskarte Graz Ausgew\u00e4hlte Objekte von Graz (Bauwerke, Verkehr, Gew\u00e4sser, Vegetation, Stra\u00dfennamen, Hausnummern, Schichtlinien,&#8230; 1 DownloadsBasiskarte (WMS) Datensatz Ver\u00f6ffentlicht am 07.09.2014 Gemeinderatsprotokolle 2010 Graz die Protokolle der Grazer Gemeinderatssitzungen des Jahres 2010 10 Downloadsdas Protokoll der Gemeinderatssitzung vom 21.01.2010 als .txt-Datei (TXT)das Protokoll der Gemeinderatssitzung vom 21.10.2010 als .txt-Datei (TXT)das [&hellip;]<\/p>\n","protected":false},"author":1,"featured_media":0,"parent":0,"menu_order":0,"comment_status":"closed","ping_status":"closed","template":"","meta":{"_et_pb_use_builder":"on","_et_pb_old_content":"","_et_gb_content_width":"","footnotes":""},"class_list":["post-19343","page","type-page","status-publish","hentry"],"_links":{"self":[{"href":"https:\/\/data.graz.gv.at\/graz\/wp-json\/wp\/v2\/pages\/19343","targetHints":{"allow":["GET"]}}],"collection":[{"href":"https:\/\/data.graz.gv.at\/graz\/wp-json\/wp\/v2\/pages"}],"about":[{"href":"https:\/\/data.graz.gv.at\/graz\/wp-json\/wp\/v2\/types\/page"}],"author":[{"embeddable":true,"href":"https:\/\/data.graz.gv.at\/graz\/wp-json\/wp\/v2\/users\/1"}],"replies":[{"embeddable":true,"href":"https:\/\/data.graz.gv.at\/graz\/wp-json\/wp\/v2\/comments?post=19343"}],"version-history":[{"count":31,"href":"https:\/\/data.graz.gv.at\/graz\/wp-json\/wp\/v2\/pages\/19343\/revisions"}],"predecessor-version":[{"id":22743,"href":"https:\/\/data.graz.gv.at\/graz\/wp-json\/wp\/v2\/pages\/19343\/revisions\/22743"}],"wp:attachment":[{"href":"https:\/\/data.graz.gv.at\/graz\/wp-json\/wp\/v2\/media?parent=19343"}],"curies":[{"name":"wp","href":"https:\/\/api.w.org\/{rel}","templated":true}]}}